{"id":95,"date":"2010-07-09T09:56:34","date_gmt":"2010-07-09T07:56:34","guid":{"rendered":"http:\/\/www.kaemmerinternational.de\/?page_id=95"},"modified":"2025-03-19T10:46:06","modified_gmt":"2025-03-19T09:46:06","slug":"ueber-uns","status":"publish","type":"page","link":"https:\/\/www.kaemmerinternational.de\/hannover\/ueber-uns\/","title":{"rendered":"\u00dcber KIBS"},"content":{"rendered":"<figure class=\"wp-block-embed is-type-video is-provider-youtube wp-block-embed-youtube wp-embed-aspect-16-9 wp-has-aspect-ratio\"><div class=\"wp-block-embed__wrapper\">\n<iframe hcb-fetch-image-from=\"https:\/\/www.youtube.com\/watch?v=rMyuyQfAJJM\" title=\"Einblicke in den KIBS Schulalltag 2024\" width=\"1140\" height=\"641\" src=\"https:\/\/www.youtube.com\/embed\/rMyuyQfAJJM?feature=oembed\" frameborder=\"0\" allow=\"accelerometer; autoplay; clipboard-write; encrypted-media; gyroscope; picture-in-picture; web-share\" referrerpolicy=\"strict-origin-when-cross-origin\" allowfullscreen><\/iframe>\n<\/div><\/figure>\n\n\n\n<p>K\u00e4mmer International Bilingual School hat 2008 er\u00f6ffnet und hat inzwischen ca. 550 Sch\u00fclerinnen und Sch\u00fcler.<\/p>\n\n\n\n<ul class=\"wp-block-list\">\n<li><a title=\"Bilinguale KiTa Hannover\" href=\"https:\/\/www.kaemmerinternational.de\/hannover\/schulen\/kita\/\">Krippe und Kindertagesst\u00e4tte<\/a><\/li>\n\n\n\n<li><a title=\"Bilinguale Grundschule Hannover\" href=\"https:\/\/www.kaemmerinternational.de\/hannover\/schulen\/grundschule\/\">Grundschule (Klasse 1-4)<\/a><\/li>\n\n\n\n<li><a title=\"Bilinguales Gymnasium Hannover\" href=\"https:\/\/www.kaemmerinternational.de\/hannover\/schulen\/gymnasium\/\">Gymnasium (Klasse 5-13)<\/a><\/li>\n<\/ul>\n\n\n\n<h3 class=\"wp-block-heading\">KIBS auf einen Blick<\/h3>\n\n\n\n<p>Er\u00f6ffnet im August 2008<\/p>\n\n\n\n<p>Tr\u00e4ger: Oskar K\u00e4mmer Schule Gemeinn\u00fctzige Bildungsgesellschaft mbH (seit August 2010)<\/p>\n\n\n\n<p>Sch\u00fclerinnen- und Sch\u00fclerzahl: ca. 550 (Schuljahr 2022\/2023)<\/p>\n\n\n\n<p>Anzahl der Klassen: 12 Klassen in der Grundschule \/ 13 Klassen im Gymnasium<\/p>\n\n\n\n<p>Kindertagesst\u00e4tte: 8 Gruppen mit insgesamt 160 Kindern (inkl. 3 Krippengruppen)<\/p>\n\n\n\n<p><strong>Gesch\u00e4ftsf\u00fchrer_innen:<br><\/strong><strong>Heike Eckhoff, R\u00fcdiger Schmidt<br><\/strong><\/p>\n\n\n\n<p>P\u00e4dagogische Leitung:<br>Maren Clarke<\/p>\n\n\n\n<p>Einzelne Abteilungen:<br>Schulleitung Grundschule:&nbsp;Maren Clarke<br>Stellvertretende Leitung Grundschule: Kieran O&#8217;Brien<br>Schulleitung Gymnasium: Alvira Bilo<br>Stellvertretende Leitung Gymnasium: Mario Torregrosa<\/p>\n\n\n\n<p>Kindertagesst\u00e4ttenleitung: Jacqueline Tillmanns<br>Stellvertretende Kindertagesst\u00e4ttenleitung: Chandlor Grandon<\/p>\n\n\n\n<h3 class=\"wp-block-heading\">Kontakt:<\/h3>\n\n\n\n<p>K\u00e4mmer International Bilingual School<br>Paderborner Stra\u00dfe 1<br>30539 Hannover<\/p>\n\n\n\n<p><a href=\"mailto:hannover@kaemmerinternational.de\">hannover@kaemmerinternational.de<\/a><\/p>\n\n\n\n<p>Telefon +49 (0)511 220089-0<br>Fax +49 (0)511 220089-99<\/p>\n\n\n\n<h3 class=\"wp-block-heading\"><strong>Hinweisgebersystem<\/strong><\/h3>\n\n\n\n<p>Die sogenannte \u201eWhistleblower-Richtlinie\u201c der EU ist umgesetzt und mit dem Hinweisgeberschutzgesetz (HinSchG) in Kraft getreten. Mit dem Gesetz soll der Schutz hinweisgebender Personen und sonstiger von einer Meldung betroffener Personen gest\u00e4rkt werden. Es soll sichergestellt werden, dass ihnen im Rahmen der Vorgaben dieses Gesetzes keine Benachteiligungen drohen. <strong>Das HinSchG besch\u00e4ftigt sich ausschlie\u00dflich mit Hinweisen \/ Whistleblowing im beruflichen Kontext.&nbsp;<\/strong>Es geht um Gesetzesverst\u00f6\u00dfe oder Handlungen, die den Mitarbeitenden oder der Allgemeinheit Schaden zuf\u00fcgen k\u00f6nnten.<strong><\/strong><\/p>\n\n\n\n<p>Die Oskar K\u00e4mmer Schule hat, den Regelungen des HinSchG entsprechend, ein <a href=\"https:\/\/oskar-kaemmer-schule.hinweis.digital\/\" target=\"_blank\" rel=\"noreferrer noopener\">Hinweisgebersystem<\/a> eingerichtet, das die eingehenden Meldungen bearbeitet und ggfs. erforderliche Folgema\u00dfnahmen ergreift bzw. einleitet und selbstverst\u00e4ndlich auch f\u00fcr uns als Tochterunternehmen gilt. Es ist sichergestellt, dass die Hinweise vertraulich behandelt werden.<\/p>","protected":false},"excerpt":{"rendered":"<p>K\u00e4mmer International Bilingual School hat 2008 er\u00f6ffnet und hat inzwischen ca. 550 Sch\u00fclerinnen und Sch\u00fcler. KIBS auf einen Blick Er\u00f6ffnet im August 2008 Tr\u00e4ger: Oskar K\u00e4mmer Schule Gemeinn\u00fctzige Bildungsgesellschaft mbH (seit August 2010) Sch\u00fclerinnen- und Sch\u00fclerzahl: ca. 550 (Schuljahr 2022\/2023) Anzahl der Klassen: 12 Klassen in der Grundschule \/ 13 Klassen im Gymnasium Kindertagesst\u00e4tte: 8<\/p>\n<div><a class=\"btn-filled btn\" href=\"https:\/\/www.kaemmerinternational.de\/hannover\/ueber-uns\/\" title=\"\u00dcber KIBS\">Read More<\/a><\/div>\n","protected":false},"author":1,"featured_media":0,"parent":0,"menu_order":0,"comment_status":"closed","ping_status":"closed","template":"","meta":{"footnotes":""},"class_list":["post-95","page","type-page","status-publish","hentry"],"_links":{"self":[{"href":"https:\/\/www.kaemmerinternational.de\/hannover\/wp-json\/wp\/v2\/pages\/95","targetHints":{"allow":["GET"]}}],"collection":[{"href":"https:\/\/www.kaemmerinternational.de\/hannover\/wp-json\/wp\/v2\/pages"}],"about":[{"href":"https:\/\/www.kaemmerinternational.de\/hannover\/wp-json\/wp\/v2\/types\/page"}],"author":[{"embeddable":true,"href":"https:\/\/www.kaemmerinternational.de\/hannover\/wp-json\/wp\/v2\/users\/1"}],"replies":[{"embeddable":true,"href":"https:\/\/www.kaemmerinternational.de\/hannover\/wp-json\/wp\/v2\/comments?post=95"}],"version-history":[{"count":0,"href":"https:\/\/www.kaemmerinternational.de\/hannover\/wp-json\/wp\/v2\/pages\/95\/revisions"}],"wp:attachment":[{"href":"https:\/\/www.kaemmerinternational.de\/hannover\/wp-json\/wp\/v2\/media?parent=95"}],"curies":[{"name":"wp","href":"https:\/\/api.w.org\/{rel}","templated":true}]}}